{"id":117,"date":"2021-06-13T10:09:02","date_gmt":"2021-06-13T09:09:02","guid":{"rendered":"https:\/\/ihc-grenchen.ch\/wordpress\/?page_id=117"},"modified":"2025-03-09T02:40:24","modified_gmt":"2025-03-09T01:40:24","slug":"vorstand","status":"publish","type":"page","link":"https:\/\/ihc-grenchen.ch\/wordpress\/index.php\/vorstand\/","title":{"rendered":"Verein"},"content":{"rendered":"\t\t<div data-elementor-type=\"wp-page\" data-elementor-id=\"117\" class=\"elementor elementor-117\">\n\t\t\t\t<div class=\"elementor-element elementor-element-5faa436 e-flex e-con-boxed e-con e-parent\" data-id=\"5faa436\" data-element_type=\"container\" data-e-type=\"container\">\n\t\t\t\t\t<div class=\"e-con-inner\">\n\t\t\t\t<div class=\"elementor-element elementor-element-1fc1a5e elementor-widget elementor-widget-heading\" data-id=\"1fc1a5e\" data-element_type=\"widget\" data-e-type=\"widget\" data-widget_type=\"heading.default\">\n\t\t\t\t<div class=\"elementor-widget-container\">\n\t\t\t\t\t<h2 class=\"elementor-heading-title elementor-size-default\">Vorstand<\/h2>\t\t\t\t<\/div>\n\t\t\t\t<\/div>\n\t\t\t\t\t<\/div>\n\t\t\t\t<\/div>\n\t\t<div class=\"elementor-element elementor-element-68ebb51 e-con-full e-flex e-con e-parent\" data-id=\"68ebb51\" data-element_type=\"container\" data-e-type=\"container\" data-settings=\"{&quot;background_background&quot;:&quot;classic&quot;}\">\n\t\t<div class=\"elementor-element elementor-element-39b8947 e-con-full e-flex e-con e-child\" data-id=\"39b8947\" data-element_type=\"container\" data-e-type=\"container\">\n\t\t\t\t<div class=\"elementor-element elementor-element-e6a01b3 elementor-widget elementor-widget-wp-widget-sportspress-staff\" data-id=\"e6a01b3\" data-element_type=\"widget\" data-e-type=\"widget\" data-widget_type=\"wp-widget-sportspress-staff.default\">\n\t\t\t\t<div class=\"elementor-widget-container\">\n\t\t\t\t\t<div class=\"sp-widget-align-none\"><h5>Pr\u00e4sidentin<\/h5><h4 class=\"sp-table-caption\">Dick Lena<\/h4><\/div>\t\t\t\t<\/div>\n\t\t\t\t<\/div>\n\t\t\t\t<\/div>\n\t\t<div class=\"elementor-element elementor-element-599b307 e-con-full e-flex e-con e-child\" data-id=\"599b307\" data-element_type=\"container\" data-e-type=\"container\">\n\t\t\t\t<div class=\"elementor-element elementor-element-5efdfac elementor-widget elementor-widget-wp-widget-sportspress-staff\" data-id=\"5efdfac\" data-element_type=\"widget\" data-e-type=\"widget\" data-widget_type=\"wp-widget-sportspress-staff.default\">\n\t\t\t\t<div class=\"elementor-widget-container\">\n\t\t\t\t\t<div class=\"sp-widget-align-none\"><h5>Technischer Leiter<\/h5><h4 class=\"sp-table-caption\">Marco Dick<\/h4><\/div>\t\t\t\t<\/div>\n\t\t\t\t<\/div>\n\t\t\t\t<\/div>\n\t\t<div class=\"elementor-element elementor-element-611c661 e-con-full e-flex e-con e-child\" data-id=\"611c661\" data-element_type=\"container\" data-e-type=\"container\">\n\t\t\t\t<div class=\"elementor-element elementor-element-c572dc9 elementor-widget elementor-widget-wp-widget-sportspress-staff\" data-id=\"c572dc9\" data-element_type=\"widget\" data-e-type=\"widget\" data-widget_type=\"wp-widget-sportspress-staff.default\">\n\t\t\t\t<div class=\"elementor-widget-container\">\n\t\t\t\t\t<div class=\"sp-widget-align-none\"><h5>Finanzen &#038; Marketing<\/h5><h4 class=\"sp-table-caption\">Nils Sterchi<\/h4><\/div>\t\t\t\t<\/div>\n\t\t\t\t<\/div>\n\t\t\t\t<\/div>\n\t\t<div class=\"elementor-element elementor-element-d0036c1 e-con-full e-flex e-con e-child\" data-id=\"d0036c1\" data-element_type=\"container\" data-e-type=\"container\">\n\t\t\t\t<div class=\"elementor-element elementor-element-0e481a1 elementor-widget elementor-widget-wp-widget-sportspress-staff\" data-id=\"0e481a1\" data-element_type=\"widget\" data-e-type=\"widget\" data-widget_type=\"wp-widget-sportspress-staff.default\">\n\t\t\t\t<div class=\"elementor-widget-container\">\n\t\t\t\t\t<div class=\"sp-widget-align-none\"><h5>Sponsoren<\/h5><h4 class=\"sp-table-caption\">Nils Sterchi<\/h4><\/div>\t\t\t\t<\/div>\n\t\t\t\t<\/div>\n\t\t\t\t<\/div>\n\t\t\t\t<\/div>\n\t\t<div class=\"elementor-element elementor-element-1c4e928b e-flex e-con-boxed e-con e-parent\" data-id=\"1c4e928b\" data-element_type=\"container\" data-e-type=\"container\">\n\t\t\t\t\t<div class=\"e-con-inner\">\n\t\t\t\t<div class=\"elementor-element elementor-element-33ff1dc elementor-widget elementor-widget-heading\" data-id=\"33ff1dc\" data-element_type=\"widget\" data-e-type=\"widget\" data-widget_type=\"heading.default\">\n\t\t\t\t<div class=\"elementor-widget-container\">\n\t\t\t\t\t<h2 class=\"elementor-heading-title elementor-size-default\"><span style=\"color: #000000\"><strong>IHC Grenchen - Die Geschichte des Inlinehockey Clubs aus Grenchen<\/strong><\/span><\/h2>\t\t\t\t<\/div>\n\t\t\t\t<\/div>\n\t\t\t\t<div class=\"elementor-element elementor-element-1bc67fd6 elementor-widget elementor-widget-text-editor\" data-id=\"1bc67fd6\" data-element_type=\"widget\" data-e-type=\"widget\" data-widget_type=\"text-editor.default\">\n\t\t\t\t<div class=\"elementor-widget-container\">\n\t\t\t\t\t\t\t\t\t<p><span style=\"color: #000000;\"><\/span><\/p>\n<p class=\"wp-block-paragraph\"><span style=\"color: #000000;\">Im Jahr 2005 wurde der erste Inline Hockey Club in Grenchen aufgel\u00f6st: die &#171;Watch Town Devils Grenchen&#187;. Einige junge Mitglieder begaben sich daraufhin zu Vereinen in der Umgebung.<\/span><\/p>\n<p><span style=\"color: #000000;\">Im Oktober 2008 regte sich bei einigen dieser Spieler das Bed\u00fcrfnis, in Grenchen wieder etwas auf die Beine zu stellen. Kurz darauf trafen sie sich im Parktheater Grenchen, um den bis heute bestehenden Club IHC Grenchen zu gr\u00fcnden. Ihr Ziel war es, bereits im Fr\u00fchling 2009 am Meisterschaftsbetrieb teilzunehmen. Dies gestaltete sich kompliziert, da die Anmeldung bereits im Dezember erfolgen musste und weder ein Trainer, Torh\u00fcter, noch gen\u00fcgend Spieler vorhanden waren.<\/span><\/p>\n<p><span style=\"color: #000000;\">Beim Trainingsstart im Februar 2009 standen dann jedoch pl\u00f6tzlich viele alte und zahlreiche neue Gesichter auf dem Platz. So konnte der Club bereits einige Monate nach der Gr\u00fcndung in die erste Meisterschaft starten. In der ersten Saison unterst\u00fctzten verschiedene V\u00e4ter als Trainer an der Bande, w\u00e4hrend zwei erfahrene Feldspieler den Trainingsbetrieb leiteten.<\/span><\/p>\n<p><span style=\"color: #000000;\">Nach vier durchzogenen Jahren gelang es 2013 erstmals, einen richtigen Coach zu engagieren. Diese Saison wurde zur besten, mit dem erstmaligen Erreichen der Playoffs, die nach einer verlorenen Aufstiegsbarrage zu Ende ging. Die Saison 2014 f\u00fchrte den Club in eine h\u00f6here Liga durch den R\u00fcckzug eines Teams aus der 1. Liga, jedoch endete sie auf dem letzten Platz, und nach f\u00fcnf Spielen in der Liga-Barrage gegen Bassecourt stieg man wieder in die 2. Liga ab.<\/span><\/p>\n<p><span style=\"color: #000000;\">Kurz nach der Gr\u00fcndung informierte der Strassenhockey Club Grenchen, dass das gemeinsame Spielfeld bald nicht mehr den Anforderungen f\u00fcr ihre Liga entsprechen w\u00fcrde. Dies f\u00fchrte zu Planungen f\u00fcr zwei separate Felder am gleichen Standort. Nach f\u00fcnf Jahren konkretisierte sich dies, und im Sommer 2015 wurden in knapp sieben Wochen zwei neue Felder gebaut. Dank des Gr\u00fcndungsmitglieds Dominic Appoloni, der die Realisation des Feldes verantwortete und die meiste physische Arbeit leistete, verlief dies reibungslos.<\/span><\/p>\n<p><span style=\"color: #000000;\">In der 1. Liga Saison versuchte der Club, das Kader zu verst\u00e4rken, und wurde jedes Jahr nach dem Abstieg in die 2. Liga zum Favoritenkreis gez\u00e4hlt. 2017 holte man mit Marco Dick und Lukas Hudecek zwei weitere Top-Spieler in den Kader. Diese Verst\u00e4rkungen erm\u00f6glichten es, die gesamte Saison mit nur einer Niederlage zu beenden. Im Finale bezwang man Buix II in zwei Spielen trotz 85 zu 12 Strafminuten, mit einem Score von 27 zu 10, was den erstmaligen sportlichen Aufstieg in die 1. Liga bedeutete.<\/span><\/p>\n<p><span style=\"color: #000000;\">Die erste Saison zur\u00fcck in der 1. Liga im Jahr 2018 war durchzogen und endete auf dem 6. Rang.<\/span><\/p>\n<p><span style=\"color: #000000;\">2019 landete der Club knapp vor den Playout-R\u00e4ngen auf Platz 8 und sicherte sich somit ein zweites Mal den Ligaerhalt.<\/span><\/p>\n<p><span style=\"color: #000000;\">2020 wurde die Saison wegen der Corona-Pandemie verk\u00fcrzt und endete f\u00fcr den Club auf dem 6. Rang.<\/span><\/p>\n<p><span style=\"color: #000000;\">Corona machte auch 2021 einen Strich durch die Rechnung, und es gab nur eine halbe Saison, die knapp hinter den Playoff-Pl\u00e4tzen auf Rang 5 endete.<\/span><\/p>\n<p><span style=\"color: #000000;\">2022, die erste Saison nach Corona, zeigte der Club mit einem kleinen, motivierten Kader konstant gute Leistungen und landete wieder auf Platz 5.<\/span><\/p>\n<p><span style=\"color: #000000;\">Im Jahr 2023 wurde das Kader von 2022 mit Marco M\u00fcller verst\u00e4rkt. Dieser Boost erm\u00f6glichte es dem Club, zum ersten Mal die 1. Liga Playoffs zu erreichen. Lange f\u00fchrte man die Tabelle an, musste sich jedoch am Schluss noch von den Paradiso Tigers auf den 2. Platz verdr\u00e4ngen lassen. In der ersten Playoff-Runde schaltete man La Neuveville aus, scheiterte jedoch im Halbfinale an Capolago Flyers, dem Gruppengegner aus der Meisterschaft.<\/span><\/p>\n<p><span style=\"color: #000000;\">2024 war die erfolgreichste Saison des IHC Grenchen. Nach dem 2. Platz in der Qualifikation dominierte das Team die Playoffs ohne Niederlage und sicherte sich den 1. Liga Schweizermeistertitel. Mit diesem Triumph stieg der Club erstmals in die Nationalliga B auf \u2013 ein historischer Meilenstein f\u00fcr den Verein.<\/span><\/p>\n<p><span style=\"color: #000000;\"><\/span><\/p>\n<p class=\"wp-block-paragraph\"><span style=\"color: #000000;\"><\/span><\/p>\n<p class=\"wp-block-paragraph\"><span style=\"color: #000000;\"><\/span><\/p>\t\t\t\t\t\t\t\t<\/div>\n\t\t\t\t<\/div>\n\t\t\t\t\t<\/div>\n\t\t\t\t<\/div>\n\t\t\t\t<\/div>\n\t\t","protected":false},"excerpt":{"rendered":"<p>Vorstand IHC Grenchen &#8211; Die Geschichte des Inlinehockey Clubs aus Grenchen Im Jahr 2005 wurde der erste Inline Hockey Club in Grenchen aufgel\u00f6st: die &#171;Watch Town Devils Grenchen&#187;. Einige junge Mitglieder begaben sich daraufhin zu Vereinen in der Umgebung. Im Oktober 2008 regte sich bei einigen dieser Spieler das Bed\u00fcrfnis, in Grenchen wieder etwas auf [&hellip;]<\/p>\n","protected":false},"author":1,"featured_media":0,"parent":0,"menu_order":0,"comment_status":"closed","ping_status":"closed","template":"","meta":{"om_disable_all_campaigns":false,"_monsterinsights_skip_tracking":false,"footnotes":""},"class_list":["post-117","page","type-page","status-publish","hentry"],"yoast_head":"<!-- This site is optimized with the Yoast SEO plugin v28.3 - https:\/\/yoast.com\/product\/yoast-seo-wordpress\/ -->\n<title>Verein - IHC Grenchen<\/title>\n<meta name=\"robots\" content=\"index, follow, max-snippet:-1, max-image-preview:large, max-video-preview:-1\" \/>\n<link rel=\"canonical\" href=\"https:\/\/ihc-grenchen.ch\/wordpress\/index.php\/vorstand\/\" \/>\n<meta property=\"og:locale\" content=\"de_DE\" \/>\n<meta property=\"og:type\" content=\"article\" \/>\n<meta property=\"og:title\" content=\"Verein - IHC Grenchen\" \/>\n<meta property=\"og:description\" content=\"Vorstand IHC Grenchen &#8211; Die Geschichte des Inlinehockey Clubs aus Grenchen Im Jahr 2005 wurde der erste Inline Hockey Club in Grenchen aufgel\u00f6st: die &#171;Watch Town Devils Grenchen&#187;. Einige junge Mitglieder begaben sich daraufhin zu Vereinen in der Umgebung. Im Oktober 2008 regte sich bei einigen dieser Spieler das Bed\u00fcrfnis, in Grenchen wieder etwas auf [&hellip;]\" \/>\n<meta property=\"og:url\" content=\"https:\/\/ihc-grenchen.ch\/wordpress\/index.php\/vorstand\/\" \/>\n<meta property=\"og:site_name\" content=\"IHC Grenchen\" \/>\n<meta property=\"article:publisher\" content=\"https:\/\/www.facebook.com\/ihcgrenchen\/\" \/>\n<meta property=\"article:modified_time\" content=\"2025-03-09T01:40:24+00:00\" \/>\n<meta name=\"twitter:card\" content=\"summary_large_image\" \/>\n<meta name=\"twitter:label1\" content=\"Gesch\u00e4tzte Lesezeit\" \/>\n\t<meta name=\"twitter:data1\" content=\"4\u00a0Minuten\" \/>\n<script type=\"application\/ld+json\" class=\"yoast-schema-graph\">{\"@context\":\"https:\\\/\\\/schema.org\",\"@graph\":[{\"@type\":\"WebPage\",\"@id\":\"https:\\\/\\\/ihc-grenchen.ch\\\/wordpress\\\/index.php\\\/vorstand\\\/\",\"url\":\"https:\\\/\\\/ihc-grenchen.ch\\\/wordpress\\\/index.php\\\/vorstand\\\/\",\"name\":\"Verein - IHC Grenchen\",\"isPartOf\":{\"@id\":\"https:\\\/\\\/ihc-grenchen.ch\\\/wordpress\\\/#website\"},\"datePublished\":\"2021-06-13T09:09:02+00:00\",\"dateModified\":\"2025-03-09T01:40:24+00:00\",\"breadcrumb\":{\"@id\":\"https:\\\/\\\/ihc-grenchen.ch\\\/wordpress\\\/index.php\\\/vorstand\\\/#breadcrumb\"},\"inLanguage\":\"de-CH\",\"potentialAction\":[{\"@type\":\"ReadAction\",\"target\":[\"https:\\\/\\\/ihc-grenchen.ch\\\/wordpress\\\/index.php\\\/vorstand\\\/\"]}]},{\"@type\":\"BreadcrumbList\",\"@id\":\"https:\\\/\\\/ihc-grenchen.ch\\\/wordpress\\\/index.php\\\/vorstand\\\/#breadcrumb\",\"itemListElement\":[{\"@type\":\"ListItem\",\"position\":1,\"name\":\"Startseite\",\"item\":\"https:\\\/\\\/ihc-grenchen.ch\\\/wordpress\\\/\"},{\"@type\":\"ListItem\",\"position\":2,\"name\":\"Verein\"}]},{\"@type\":\"WebSite\",\"@id\":\"https:\\\/\\\/ihc-grenchen.ch\\\/wordpress\\\/#website\",\"url\":\"https:\\\/\\\/ihc-grenchen.ch\\\/wordpress\\\/\",\"name\":\"IHC Grenchen\",\"description\":\"Inlinehockey Verein aus Grenchen\",\"publisher\":{\"@id\":\"https:\\\/\\\/ihc-grenchen.ch\\\/wordpress\\\/#organization\"},\"potentialAction\":[{\"@type\":\"SearchAction\",\"target\":{\"@type\":\"EntryPoint\",\"urlTemplate\":\"https:\\\/\\\/ihc-grenchen.ch\\\/wordpress\\\/?s={search_term_string}\"},\"query-input\":{\"@type\":\"PropertyValueSpecification\",\"valueRequired\":true,\"valueName\":\"search_term_string\"}}],\"inLanguage\":\"de-CH\"},{\"@type\":\"Organization\",\"@id\":\"https:\\\/\\\/ihc-grenchen.ch\\\/wordpress\\\/#organization\",\"name\":\"IHC Grenchen\",\"url\":\"https:\\\/\\\/ihc-grenchen.ch\\\/wordpress\\\/\",\"logo\":{\"@type\":\"ImageObject\",\"inLanguage\":\"de-CH\",\"@id\":\"https:\\\/\\\/ihc-grenchen.ch\\\/wordpress\\\/#\\\/schema\\\/logo\\\/image\\\/\",\"url\":\"https:\\\/\\\/ihc-grenchen.ch\\\/wordpress\\\/wp-content\\\/uploads\\\/2023\\\/12\\\/grenchen-58d05f5f593cf-1.jpg\",\"contentUrl\":\"https:\\\/\\\/ihc-grenchen.ch\\\/wordpress\\\/wp-content\\\/uploads\\\/2023\\\/12\\\/grenchen-58d05f5f593cf-1.jpg\",\"width\":200,\"height\":200,\"caption\":\"IHC Grenchen\"},\"image\":{\"@id\":\"https:\\\/\\\/ihc-grenchen.ch\\\/wordpress\\\/#\\\/schema\\\/logo\\\/image\\\/\"},\"sameAs\":[\"https:\\\/\\\/www.facebook.com\\\/ihcgrenchen\\\/\",\"https:\\\/\\\/www.instagram.com\\\/ihc_grenchen\\\/\"]}]}<\/script>\n<!-- \/ Yoast SEO plugin. -->","yoast_head_json":{"title":"Verein - IHC Grenchen","robots":{"index":"index","follow":"follow","max-snippet":"max-snippet:-1","max-image-preview":"max-image-preview:large","max-video-preview":"max-video-preview:-1"},"canonical":"https:\/\/ihc-grenchen.ch\/wordpress\/index.php\/vorstand\/","og_locale":"de_DE","og_type":"article","og_title":"Verein - IHC Grenchen","og_description":"Vorstand IHC Grenchen &#8211; Die Geschichte des Inlinehockey Clubs aus Grenchen Im Jahr 2005 wurde der erste Inline Hockey Club in Grenchen aufgel\u00f6st: die &#171;Watch Town Devils Grenchen&#187;. Einige junge Mitglieder begaben sich daraufhin zu Vereinen in der Umgebung. Im Oktober 2008 regte sich bei einigen dieser Spieler das Bed\u00fcrfnis, in Grenchen wieder etwas auf [&hellip;]","og_url":"https:\/\/ihc-grenchen.ch\/wordpress\/index.php\/vorstand\/","og_site_name":"IHC Grenchen","article_publisher":"https:\/\/www.facebook.com\/ihcgrenchen\/","article_modified_time":"2025-03-09T01:40:24+00:00","twitter_card":"summary_large_image","twitter_misc":{"Gesch\u00e4tzte Lesezeit":"4\u00a0Minuten"},"schema":{"@context":"https:\/\/schema.org","@graph":[{"@type":"WebPage","@id":"https:\/\/ihc-grenchen.ch\/wordpress\/index.php\/vorstand\/","url":"https:\/\/ihc-grenchen.ch\/wordpress\/index.php\/vorstand\/","name":"Verein - IHC Grenchen","isPartOf":{"@id":"https:\/\/ihc-grenchen.ch\/wordpress\/#website"},"datePublished":"2021-06-13T09:09:02+00:00","dateModified":"2025-03-09T01:40:24+00:00","breadcrumb":{"@id":"https:\/\/ihc-grenchen.ch\/wordpress\/index.php\/vorstand\/#breadcrumb"},"inLanguage":"de-CH","potentialAction":[{"@type":"ReadAction","target":["https:\/\/ihc-grenchen.ch\/wordpress\/index.php\/vorstand\/"]}]},{"@type":"BreadcrumbList","@id":"https:\/\/ihc-grenchen.ch\/wordpress\/index.php\/vorstand\/#breadcrumb","itemListElement":[{"@type":"ListItem","position":1,"name":"Startseite","item":"https:\/\/ihc-grenchen.ch\/wordpress\/"},{"@type":"ListItem","position":2,"name":"Verein"}]},{"@type":"WebSite","@id":"https:\/\/ihc-grenchen.ch\/wordpress\/#website","url":"https:\/\/ihc-grenchen.ch\/wordpress\/","name":"IHC Grenchen","description":"Inlinehockey Verein aus Grenchen","publisher":{"@id":"https:\/\/ihc-grenchen.ch\/wordpress\/#organization"},"potentialAction":[{"@type":"SearchAction","target":{"@type":"EntryPoint","urlTemplate":"https:\/\/ihc-grenchen.ch\/wordpress\/?s={search_term_string}"},"query-input":{"@type":"PropertyValueSpecification","valueRequired":true,"valueName":"search_term_string"}}],"inLanguage":"de-CH"},{"@type":"Organization","@id":"https:\/\/ihc-grenchen.ch\/wordpress\/#organization","name":"IHC Grenchen","url":"https:\/\/ihc-grenchen.ch\/wordpress\/","logo":{"@type":"ImageObject","inLanguage":"de-CH","@id":"https:\/\/ihc-grenchen.ch\/wordpress\/#\/schema\/logo\/image\/","url":"https:\/\/ihc-grenchen.ch\/wordpress\/wp-content\/uploads\/2023\/12\/grenchen-58d05f5f593cf-1.jpg","contentUrl":"https:\/\/ihc-grenchen.ch\/wordpress\/wp-content\/uploads\/2023\/12\/grenchen-58d05f5f593cf-1.jpg","width":200,"height":200,"caption":"IHC Grenchen"},"image":{"@id":"https:\/\/ihc-grenchen.ch\/wordpress\/#\/schema\/logo\/image\/"},"sameAs":["https:\/\/www.facebook.com\/ihcgrenchen\/","https:\/\/www.instagram.com\/ihc_grenchen\/"]}]}},"_links":{"self":[{"href":"https:\/\/ihc-grenchen.ch\/wordpress\/index.php\/wp-json\/wp\/v2\/pages\/117","targetHints":{"allow":["GET"]}}],"collection":[{"href":"https:\/\/ihc-grenchen.ch\/wordpress\/index.php\/wp-json\/wp\/v2\/pages"}],"about":[{"href":"https:\/\/ihc-grenchen.ch\/wordpress\/index.php\/wp-json\/wp\/v2\/types\/page"}],"author":[{"embeddable":true,"href":"https:\/\/ihc-grenchen.ch\/wordpress\/index.php\/wp-json\/wp\/v2\/users\/1"}],"replies":[{"embeddable":true,"href":"https:\/\/ihc-grenchen.ch\/wordpress\/index.php\/wp-json\/wp\/v2\/comments?post=117"}],"version-history":[{"count":3,"href":"https:\/\/ihc-grenchen.ch\/wordpress\/index.php\/wp-json\/wp\/v2\/pages\/117\/revisions"}],"predecessor-version":[{"id":1813,"href":"https:\/\/ihc-grenchen.ch\/wordpress\/index.php\/wp-json\/wp\/v2\/pages\/117\/revisions\/1813"}],"wp:attachment":[{"href":"https:\/\/ihc-grenchen.ch\/wordpress\/index.php\/wp-json\/wp\/v2\/media?parent=117"}],"curies":[{"name":"wp","href":"https:\/\/api.w.org\/{rel}","templated":true}]}}